{"id":17270,"date":"2026-03-22T18:04:07","date_gmt":"2026-03-22T17:04:07","guid":{"rendered":"https:\/\/federicocappellina.com\/?page_id=17270"},"modified":"2026-04-19T11:26:48","modified_gmt":"2026-04-19T09:26:48","slug":"architetto-brescia","status":"publish","type":"page","link":"https:\/\/federicocappellina.com\/it\/architetto-brescia\/","title":{"rendered":"Architetto Brescia"},"content":{"rendered":"\t\t<div data-elementor-type=\"wp-page\" data-elementor-id=\"17270\" class=\"elementor elementor-17270\" data-elementor-post-type=\"page\">\n\t\t\t\t<div class=\"elementor-element elementor-element-7cb87c6 e-con-full e-flex e-con e-parent\" data-id=\"7cb87c6\" data-element_type=\"container\" data-e-type=\"container\" data-settings=\"{&quot;background_background&quot;:&quot;video&quot;}\">\n\t\t\t\t<div class=\"elementor-element elementor-element-d952265 elementor-widget elementor-widget-image\" data-id=\"d952265\" data-element_type=\"widget\" data-e-type=\"widget\" data-settings=\"{&quot;motion_fx_motion_fx_scrolling&quot;:&quot;yes&quot;,&quot;motion_fx_translateY_effect&quot;:&quot;yes&quot;,&quot;motion_fx_translateY_speed&quot;:{&quot;unit&quot;:&quot;px&quot;,&quot;size&quot;:4,&quot;sizes&quot;:[]},&quot;motion_fx_translateY_affectedRange&quot;:{&quot;unit&quot;:&quot;%&quot;,&quot;size&quot;:&quot;&quot;,&quot;sizes&quot;:{&quot;start&quot;:0,&quot;end&quot;:100}},&quot;motion_fx_devices&quot;:[&quot;desktop&quot;,&quot;tablet&quot;,&quot;mobile&quot;]}\" data-widget_type=\"image.default\">\n\t\t\t\t<div class=\"elementor-widget-container\">\n\t\t\t\t\t\t\t\t\t\t\t\t\t\t\t<img fetchpriority=\"high\" decoding=\"async\" width=\"1480\" height=\"1110\" src=\"https:\/\/federicocappellina.com\/wp-content\/uploads\/2024\/01\/Federico-cappellina-architettoArchitetto-veronaArchitetto-vicenzaArchitetto-lagovillalussocasapiscinainterniesternicasafinituredesignhotel-63.jpg\" class=\"attachment-full size-full wp-image-18228\" alt=\"villa di lusso architetto Brescia piscina contemporanea architettura minimalista\" srcset=\"https:\/\/federicocappellina.com\/wp-content\/uploads\/2024\/01\/Federico-cappellina-architettoArchitetto-veronaArchitetto-vicenzaArchitetto-lagovillalussocasapiscinainterniesternicasafinituredesignhotel-63.jpg 1480w, https:\/\/federicocappellina.com\/wp-content\/uploads\/2024\/01\/Federico-cappellina-architettoArchitetto-veronaArchitetto-vicenzaArchitetto-lagovillalussocasapiscinainterniesternicasafinituredesignhotel-63-300x225.jpg 300w, https:\/\/federicocappellina.com\/wp-content\/uploads\/2024\/01\/Federico-cappellina-architettoArchitetto-veronaArchitetto-vicenzaArchitetto-lagovillalussocasapiscinainterniesternicasafinituredesignhotel-63-1024x768.jpg 1024w, https:\/\/federicocappellina.com\/wp-content\/uploads\/2024\/01\/Federico-cappellina-architettoArchitetto-veronaArchitetto-vicenzaArchitetto-lagovillalussocasapiscinainterniesternicasafinituredesignhotel-63-768x576.jpg 768w, https:\/\/federicocappellina.com\/wp-content\/uploads\/2024\/01\/Federico-cappellina-architettoArchitetto-veronaArchitetto-vicenzaArchitetto-lagovillalussocasapiscinainterniesternicasafinituredesignhotel-63-1320x990.jpg 1320w, https:\/\/federicocappellina.com\/wp-content\/uploads\/2024\/01\/Federico-cappellina-architettoArchitetto-veronaArchitetto-vicenzaArchitetto-lagovillalussocasapiscinainterniesternicasafinituredesignhotel-63-150x113.jpg 150w\" sizes=\"(max-width: 1480px) 100vw, 1480px\" title=\"\">\t\t\t\t\t\t\t\t\t\t\t\t\t\t\t<\/div>\n\t\t\t\t<\/div>\n\t\t\t\t<\/div>\n\t\t<div class=\"elementor-element elementor-element-b60163f e-flex e-con-boxed e-con e-parent\" data-id=\"b60163f\" data-element_type=\"container\" data-e-type=\"container\">\n\t\t\t\t\t<div class=\"e-con-inner\">\n\t\t\t\t<div class=\"elementor-element elementor-element-f211252 elementor-widget elementor-widget-heading\" data-id=\"f211252\" data-element_type=\"widget\" data-e-type=\"widget\" data-widget_type=\"heading.default\">\n\t\t\t\t<div class=\"elementor-widget-container\">\n\t\t\t\t\t<h1 class=\"elementor-heading-title elementor-size-default\">Architetto Brescia \u2014 Ville di Lusso Contemporanee e Residenze Esclusive su Misura<\/h1>\t\t\t\t<\/div>\n\t\t\t\t<\/div>\n\t\t\t\t<div class=\"elementor-element elementor-element-c980fa1 elementor-widget elementor-widget-text-editor\" data-id=\"c980fa1\" data-element_type=\"widget\" data-e-type=\"widget\" data-widget_type=\"text-editor.default\">\n\t\t\t\t<div class=\"elementor-widget-container\">\n\t\t\t\t\t\t\t\t\t<p align=\"JUSTIFY\">Federico Cappellina \u00e8 l&#8217;architetto Brescia specializzato nella progettazione di ville di lusso contemporanee, residenze esclusive e architettura minimalista di alto livello. Con 17 anni di esperienza e progetti completati tra Verona, Vicenza, il Lago di Garda e il territorio lombardo, lo studio porta a Brescia e in tutta la provincia un approccio progettuale rigoroso, essenziale e orientato alla qualit\u00e0 costruttiva duratura.<\/p><p align=\"JUSTIFY\">La provincia di Brescia offre un contesto straordinario per l&#8217;architettura residenziale di pregio: dalla Franciacorta con i suoi vigneti e le colline dolci, alla sponda bresciana del Lago di Garda tra le pi\u00f9 esclusive d&#8217;Italia, fino all&#8217;hinterland cittadino e alle valli alpine di Valtrompia e Valsabbia. Ogni area ha caratteristiche specifiche che il progetto deve interpretare con competenza e sensibilit\u00e0.<\/p><p align=\"JUSTIFY\">Scegliere il giusto architetto Brescia significa affidarsi a chi conosce il territorio, le normative comunali della provincia, i vincoli paesaggistici e i migliori artigiani e fornitori locali. Lo Studio Federico Cappellina porta a Brescia la stessa profondit\u00e0 di esperienza che ha maturato nel territorio veneto \u2014 con una rete di professionisti collaudata e una visione architettonica internazionale.<\/p>\t\t\t\t\t\t\t\t<\/div>\n\t\t\t\t<\/div>\n\t\t\t\t<div class=\"elementor-element elementor-element-1e6dba3 elementor-widget elementor-widget-heading\" data-id=\"1e6dba3\" data-element_type=\"widget\" data-e-type=\"widget\" data-widget_type=\"heading.default\">\n\t\t\t\t<div class=\"elementor-widget-container\">\n\t\t\t\t\t<h2 class=\"elementor-heading-title elementor-size-default\">Studio di architettura con base a Verona, attivo a Brescia e in tutta la Lombardia orientale<\/h2>\t\t\t\t<\/div>\n\t\t\t\t<\/div>\n\t\t\t\t<div class=\"elementor-element elementor-element-f2eab3e elementor-widget elementor-widget-text-editor\" data-id=\"f2eab3e\" data-element_type=\"widget\" data-e-type=\"widget\" data-widget_type=\"text-editor.default\">\n\t\t\t\t<div class=\"elementor-widget-container\">\n\t\t\t\t\t\t\t\t\t<p align=\"JUSTIFY\">Lo Studio Federico Cappellina ha sede a San Bonifacio, Verona, a meno di 60 chilometri da Brescia \u2014 in una posizione geografica ideale per operare su entrambe le province con la stessa continuit\u00e0 e presenza che garantiamo ai clienti veronesi e vicentini.<\/p><p align=\"JUSTIFY\">La nostra attivit\u00e0 sul territorio bresciano si \u00e8 sviluppata naturalmente: molti dei nostri clienti della sponda veronese del Garda hanno propriet\u00e0 anche sul versante bresciano, e i progetti Lago di Garda ci hanno portato a conoscere profondamente le normative, gli uffici tecnici e le specificit\u00e0 costruttive della provincia di Brescia.<\/p><p align=\"JUSTIFY\">Questo significa che quando lavoriamo a Brescia non siamo un studio che arriva da fuori. Siamo uno studio che conosce il territorio, ha relazioni consolidate con i professionisti locali e gestisce i rapporti con le amministrazioni comunali bresciane con la stessa disinvoltura con cui opera a Verona.<\/p>\t\t\t\t\t\t\t\t<\/div>\n\t\t\t\t<\/div>\n\t\t\t\t<div class=\"elementor-element elementor-element-aa7bf85 elementor-widget elementor-widget-heading\" data-id=\"aa7bf85\" data-element_type=\"widget\" data-e-type=\"widget\" data-widget_type=\"heading.default\">\n\t\t\t\t<div class=\"elementor-widget-container\">\n\t\t\t\t\t<h2 class=\"elementor-heading-title elementor-size-default\">Il nostro metodo: cosa porta uno studio di architettura di lusso a Brescia<\/h2>\t\t\t\t<\/div>\n\t\t\t\t<\/div>\n\t\t\t\t<div class=\"elementor-element elementor-element-e419d84 elementor-widget elementor-widget-text-editor\" data-id=\"e419d84\" data-element_type=\"widget\" data-e-type=\"widget\" data-widget_type=\"text-editor.default\">\n\t\t\t\t<div class=\"elementor-widget-container\">\n\t\t\t\t\t\t\t\t\t<p align=\"JUSTIFY\">Ogni progetto a Brescia segue il processo strutturato che contraddistingue lo studio da 17 anni:<\/p><ul><li value=\"1\"><p>Analisi del contesto \u2014 normative comunali, vincoli paesaggistici, orientamento, accessibilit\u00e0<\/p><\/li><li><p>Definizione del programma funzionale con il committente \u2014 spazi, stile di vita, aspirazioni<\/p><\/li><li><p>Concept architettonico \u2014 schizzi, modelli 3D, immagini di riferimento condivise<\/p><\/li><li><p>Progettazione definitiva ed esecutiva completa<\/p><\/li><li><p>Interior design e coordinamento materiali \u2014 dai marmi ai rivestimenti, dalle cucine agli arredi su misura<\/p><\/li><li><p>Pratiche urbanistiche presso i Comuni della provincia di Brescia<\/p><\/li><li><p>Direzione lavori e coordinamento cantiere<\/p><\/li><li><p>Consegna con documentazione tecnica completa<\/p><\/li><\/ul>\t\t\t\t\t\t\t\t<\/div>\n\t\t\t\t<\/div>\n\t\t\t\t\t<\/div>\n\t\t\t\t<\/div>\n\t\t<div class=\"elementor-element elementor-element-df30b92 e-flex e-con-boxed e-con e-parent\" data-id=\"df30b92\" data-element_type=\"container\" data-e-type=\"container\">\n\t\t\t\t\t<div class=\"e-con-inner\">\n\t\t\t\t<div class=\"elementor-element elementor-element-2634faa elementor-widget elementor-widget-heading\" data-id=\"2634faa\" data-element_type=\"widget\" data-e-type=\"widget\" data-widget_type=\"heading.default\">\n\t\t\t\t<div class=\"elementor-widget-container\">\n\t\t\t\t\t<h2 class=\"elementor-heading-title elementor-size-default\">I nostri progetti come riferimento per Brescia<\/h2>\t\t\t\t<\/div>\n\t\t\t\t<\/div>\n\t\t\t\t<div class=\"elementor-element elementor-element-e4ff4c5 elementor-widget elementor-widget-text-editor\" data-id=\"e4ff4c5\" data-element_type=\"widget\" data-e-type=\"widget\" data-widget_type=\"text-editor.default\">\n\t\t\t\t<div class=\"elementor-widget-container\">\n\t\t\t\t\t\t\t\t\t<p align=\"JUSTIFY\">Non abbiamo ancora completato un progetto con indirizzo nella provincia di Brescia \u2014 ma il nostro lavoro nei territori limitrofi dimostra con precisione quali risultati siamo in grado di portare anche ai clienti bresciani. Quattro progetti in particolare rappresentano il nostro approccio:<\/p>\t\t\t\t\t\t\t\t<\/div>\n\t\t\t\t<\/div>\n\t\t\t\t<div class=\"elementor-element elementor-element-92a5a1c elementor-widget elementor-widget-heading\" data-id=\"92a5a1c\" data-element_type=\"widget\" data-e-type=\"widget\" data-widget_type=\"heading.default\">\n\t\t\t\t<div class=\"elementor-widget-container\">\n\t\t\t\t\t<h3 class=\"elementor-heading-title elementor-size-default\">MD Home \u2014 Villa contemporanea a Verona<\/h3>\t\t\t\t<\/div>\n\t\t\t\t<\/div>\n\t\t\t\t<div class=\"elementor-element elementor-element-0cd081c elementor-widget elementor-widget-text-editor\" data-id=\"0cd081c\" data-element_type=\"widget\" data-e-type=\"widget\" data-widget_type=\"text-editor.default\">\n\t\t\t\t<div class=\"elementor-widget-container\">\n\t\t\t\t\t\t\t\t\t<p align=\"JUSTIFY\"><a href=\"https:\/\/federicocappellina.com\/progettazione-ville-di-lusso-progetti-residenziali-nuove-costruzioni-interior-design-wellness-spa-benessere\/migliori-studi-di-architettura-a-milano-verona-vicenza-italia\/\">MD Home<\/a> \u00e8 una villa di recente costruzione a Verona che reinterpreta l&#8217;architettura tradizionale in chiave contemporanea. Realizzata in soli nove mesi, la residenza nasce dall&#8217;intersezione di due assi principali che creano un gioco geometrico di pieni e vuoti. Il fronte stradale \u00e8 austero e monolitico \u2014 pareti bianche, porta nera a filo muro, ghiaia chiara \u2014 mentre la facciata interna si apre completamente sul giardino e sulla piscina a sfioro attraverso infissi motorizzati a filo pavimento.<\/p><p align=\"JUSTIFY\">Questo progetto dimostra come sia possibile creare architetture di altissimo livello anche in contesti urbani densi, lavorando sulla qualit\u00e0 dei volumi, dei materiali e della relazione tra interno ed esterno.<\/p>\t\t\t\t\t\t\t\t<\/div>\n\t\t\t\t<\/div>\n\t\t\t\t\t<\/div>\n\t\t\t\t<\/div>\n\t\t<div class=\"elementor-element elementor-element-72879cb e-flex e-con-boxed e-con e-parent\" data-id=\"72879cb\" data-element_type=\"container\" data-e-type=\"container\">\n\t\t\t\t\t<div class=\"e-con-inner\">\n\t\t\t\t<div class=\"elementor-element elementor-element-24bd815 elementor-widget elementor-widget-image\" data-id=\"24bd815\" data-element_type=\"widget\" data-e-type=\"widget\" data-widget_type=\"image.default\">\n\t\t\t\t<div class=\"elementor-widget-container\">\n\t\t\t\t\t\t\t\t\t\t\t\t\t\t\t<img decoding=\"async\" width=\"1480\" height=\"987\" src=\"https:\/\/federicocappellina.com\/wp-content\/uploads\/2024\/09\/federico-cappellina-architetto-verona-vicenza-lago-villa-lusso-casa-piscina-interniesterni-casa-finiture-design-hotel-81.jpg\" class=\"attachment-full size-full wp-image-18258\" alt=\"villa MD Home Verona infinity pool luxury architect reference Brianza Milan\" srcset=\"https:\/\/federicocappellina.com\/wp-content\/uploads\/2024\/09\/federico-cappellina-architetto-verona-vicenza-lago-villa-lusso-casa-piscina-interniesterni-casa-finiture-design-hotel-81.jpg 1480w, https:\/\/federicocappellina.com\/wp-content\/uploads\/2024\/09\/federico-cappellina-architetto-verona-vicenza-lago-villa-lusso-casa-piscina-interniesterni-casa-finiture-design-hotel-81-300x200.jpg 300w, https:\/\/federicocappellina.com\/wp-content\/uploads\/2024\/09\/federico-cappellina-architetto-verona-vicenza-lago-villa-lusso-casa-piscina-interniesterni-casa-finiture-design-hotel-81-1024x683.jpg 1024w, https:\/\/federicocappellina.com\/wp-content\/uploads\/2024\/09\/federico-cappellina-architetto-verona-vicenza-lago-villa-lusso-casa-piscina-interniesterni-casa-finiture-design-hotel-81-768x512.jpg 768w, https:\/\/federicocappellina.com\/wp-content\/uploads\/2024\/09\/federico-cappellina-architetto-verona-vicenza-lago-villa-lusso-casa-piscina-interniesterni-casa-finiture-design-hotel-81-1320x880.jpg 1320w, https:\/\/federicocappellina.com\/wp-content\/uploads\/2024\/09\/federico-cappellina-architetto-verona-vicenza-lago-villa-lusso-casa-piscina-interniesterni-casa-finiture-design-hotel-81-150x100.jpg 150w\" sizes=\"(max-width: 1480px) 100vw, 1480px\" title=\"\">\t\t\t\t\t\t\t\t\t\t\t\t\t\t\t<\/div>\n\t\t\t\t<\/div>\n\t\t\t\t\t<\/div>\n\t\t\t\t<\/div>\n\t\t<div class=\"elementor-element elementor-element-684cf69 e-flex e-con-boxed e-con e-parent\" data-id=\"684cf69\" data-element_type=\"container\" data-e-type=\"container\">\n\t\t\t\t\t<div class=\"e-con-inner\">\n\t\t\t\t<div class=\"elementor-element elementor-element-806f591 elementor-widget elementor-widget-heading\" data-id=\"806f591\" data-element_type=\"widget\" data-e-type=\"widget\" data-widget_type=\"heading.default\">\n\t\t\t\t<div class=\"elementor-widget-container\">\n\t\t\t\t\t<h3 class=\"elementor-heading-title elementor-size-default\">Lugana Bay \u2014 Residenza lacustre sul Lago di Garda<\/h3>\t\t\t\t<\/div>\n\t\t\t\t<\/div>\n\t\t\t\t<div class=\"elementor-element elementor-element-7f5d25d elementor-widget elementor-widget-text-editor\" data-id=\"7f5d25d\" data-element_type=\"widget\" data-e-type=\"widget\" data-widget_type=\"text-editor.default\">\n\t\t\t\t<div class=\"elementor-widget-container\">\n\t\t\t\t\t\t\t\t\t<p align=\"JUSTIFY\">Lugana Bay \u00e8 una residenza contemporanea di lusso nella zona della Lugana, sulla sponda veronese del Garda \u2014 a pochi chilometri dai Comuni bresciani del lago. Il progetto interpreta il paesaggio lacustre attraverso un&#8217;architettura essenziale, con volumi puliti che si aprono verso l&#8217;acqua e materiali selezionati per durare nel tempo. \u00c8 il riferimento diretto per i clienti della sponda bresciana del Garda \u2014 Desenzano, Sirmione, Sal\u00f2, Gardone \u2014 che cercano la stessa qualit\u00e0 progettuale applicata al loro contesto.<\/p>\t\t\t\t\t\t\t\t<\/div>\n\t\t\t\t<\/div>\n\t\t\t\t<div class=\"elementor-element elementor-element-8d604fc elementor-widget elementor-widget-image\" data-id=\"8d604fc\" data-element_type=\"widget\" data-e-type=\"widget\" data-widget_type=\"image.default\">\n\t\t\t\t<div class=\"elementor-widget-container\">\n\t\t\t\t\t\t\t\t\t\t\t\t\t\t\t<img decoding=\"async\" width=\"1707\" height=\"1280\" src=\"https:\/\/federicocappellina.com\/wp-content\/uploads\/2025\/03\/FRSD7YW.jpg\" class=\"attachment-2048x2048 size-2048x2048 wp-image-18375\" alt=\"Lugana Bay villa lago architettura contemporanea riferimento lago Como Milano\" srcset=\"https:\/\/federicocappellina.com\/wp-content\/uploads\/2025\/03\/FRSD7YW.jpg 1707w, https:\/\/federicocappellina.com\/wp-content\/uploads\/2025\/03\/FRSD7YW-300x225.jpg 300w, https:\/\/federicocappellina.com\/wp-content\/uploads\/2025\/03\/FRSD7YW-1024x768.jpg 1024w, https:\/\/federicocappellina.com\/wp-content\/uploads\/2025\/03\/FRSD7YW-768x576.jpg 768w, https:\/\/federicocappellina.com\/wp-content\/uploads\/2025\/03\/FRSD7YW-1536x1152.jpg 1536w, https:\/\/federicocappellina.com\/wp-content\/uploads\/2025\/03\/FRSD7YW-1320x990.jpg 1320w, https:\/\/federicocappellina.com\/wp-content\/uploads\/2025\/03\/FRSD7YW-150x112.jpg 150w\" sizes=\"(max-width: 1707px) 100vw, 1707px\" title=\"\">\t\t\t\t\t\t\t\t\t\t\t\t\t\t\t<\/div>\n\t\t\t\t<\/div>\n\t\t\t\t<div class=\"elementor-element elementor-element-21ece5a elementor-widget elementor-widget-heading\" data-id=\"21ece5a\" data-element_type=\"widget\" data-e-type=\"widget\" data-widget_type=\"heading.default\">\n\t\t\t\t<div class=\"elementor-widget-container\">\n\t\t\t\t\t<h3 class=\"elementor-heading-title elementor-size-default\">AV Home \u2014 Villa con piscina a Dueville, Vicenza<\/h3>\t\t\t\t<\/div>\n\t\t\t\t<\/div>\n\t\t\t\t<div class=\"elementor-element elementor-element-eebd647 elementor-widget elementor-widget-text-editor\" data-id=\"eebd647\" data-element_type=\"widget\" data-e-type=\"widget\" data-widget_type=\"text-editor.default\">\n\t\t\t\t<div class=\"elementor-widget-container\">\n\t\t\t\t\t\t\t\t\t<p align=\"JUSTIFY\">AV Home a Dueville \u00e8 una villa contemporanea su lotto pianeggiante nell&#8217;hinterland vicentino \u2014 un contesto molto simile all&#8217;hinterland bresciano. Il progetto sviluppa una residenza minimalista con grande piscina a sfioro, continuit\u00e0 interno-esterno e alta qualit\u00e0 costruttiva. \u00c8 il riferimento ideale per i clienti della pianura bresciana che cercano una villa di rappresentanza su lotto ampio.<\/p>\t\t\t\t\t\t\t\t<\/div>\n\t\t\t\t<\/div>\n\t\t\t\t<div class=\"elementor-element elementor-element-77beb6c elementor-widget elementor-widget-image\" data-id=\"77beb6c\" data-element_type=\"widget\" data-e-type=\"widget\" data-widget_type=\"image.default\">\n\t\t\t\t<div class=\"elementor-widget-container\">\n\t\t\t\t\t\t\t\t\t\t\t\t\t\t\t<img loading=\"lazy\" decoding=\"async\" width=\"1536\" height=\"2048\" src=\"https:\/\/federicocappellina.com\/wp-content\/uploads\/2026\/02\/A2ZB3C8-1536x2048.jpg\" class=\"attachment-2048x2048 size-2048x2048 wp-image-18967\" alt=\"villa AV Home Dueville Vicenza piscina sfioro architetto Federico Cappellina\" srcset=\"https:\/\/federicocappellina.com\/wp-content\/uploads\/2026\/02\/A2ZB3C8-1536x2048.jpg 1536w, https:\/\/federicocappellina.com\/wp-content\/uploads\/2026\/02\/A2ZB3C8-225x300.jpg 225w, https:\/\/federicocappellina.com\/wp-content\/uploads\/2026\/02\/A2ZB3C8-768x1024.jpg 768w, https:\/\/federicocappellina.com\/wp-content\/uploads\/2026\/02\/A2ZB3C8-1152x1536.jpg 1152w, https:\/\/federicocappellina.com\/wp-content\/uploads\/2026\/02\/A2ZB3C8-1320x1760.jpg 1320w, https:\/\/federicocappellina.com\/wp-content\/uploads\/2026\/02\/A2ZB3C8-scaled.jpg 1920w\" sizes=\"(max-width: 1536px) 100vw, 1536px\" title=\"\">\t\t\t\t\t\t\t\t\t\t\t\t\t\t\t<\/div>\n\t\t\t\t<\/div>\n\t\t\t\t<div class=\"elementor-element elementor-element-cf3871b elementor-widget elementor-widget-heading\" data-id=\"cf3871b\" data-element_type=\"widget\" data-e-type=\"widget\" data-widget_type=\"heading.default\">\n\t\t\t\t<div class=\"elementor-widget-container\">\n\t\t\t\t\t<h2 class=\"elementor-heading-title elementor-size-default\">Architetto ville Brescia: le aree e le loro specificit\u00e0 progettuali<\/h2>\t\t\t\t<\/div>\n\t\t\t\t<\/div>\n\t\t\t\t<div class=\"elementor-element elementor-element-63394a5 elementor-widget elementor-widget-text-editor\" data-id=\"63394a5\" data-element_type=\"widget\" data-e-type=\"widget\" data-widget_type=\"text-editor.default\">\n\t\t\t\t<div class=\"elementor-widget-container\">\n\t\t\t\t\t\t\t\t\t<p align=\"JUSTIFY\">La provincia di Brescia \u00e8 tra le pi\u00f9 estese e diversificate d&#8217;Italia per paesaggi e contesti abitativi. Come architetto Brescia attivo su tutto il territorio, conosciamo le specificit\u00e0 di ogni area.<\/p>\t\t\t\t\t\t\t\t<\/div>\n\t\t\t\t<\/div>\n\t\t\t\t<div class=\"elementor-element elementor-element-8e025ab elementor-widget elementor-widget-heading\" data-id=\"8e025ab\" data-element_type=\"widget\" data-e-type=\"widget\" data-widget_type=\"heading.default\">\n\t\t\t\t<div class=\"elementor-widget-container\">\n\t\t\t\t\t<h3 class=\"elementor-heading-title elementor-size-default\">Franciacorta<\/h3>\t\t\t\t<\/div>\n\t\t\t\t<\/div>\n\t\t\t\t<div class=\"elementor-element elementor-element-8025a12 elementor-widget elementor-widget-text-editor\" data-id=\"8025a12\" data-element_type=\"widget\" data-e-type=\"widget\" data-widget_type=\"text-editor.default\">\n\t\t\t\t<div class=\"elementor-widget-container\">\n\t\t\t\t\t\t\t\t\t<p align=\"JUSTIFY\">La Franciacorta \u00e8 il territorio bresciano con la maggiore concentrazione di ville di pregio \u2014 colline dolci, vigneti, borghi storici e una tradizione residenziale di alto livello. I lotti in Franciacorta combinano paesaggio di grande qualit\u00e0 con accessibilit\u00e0 eccellente da Brescia e dalla A4. Le normative sono attente alla qualit\u00e0 architettonica e al rispetto del paesaggio viticolo. Qui i nostri progetti dialogano con il territorio attraverso materiali naturali e volumi che si integrano con le colline senza imporsi su di esse.<\/p>\t\t\t\t\t\t\t\t<\/div>\n\t\t\t\t<\/div>\n\t\t\t\t<div class=\"elementor-element elementor-element-84e25db elementor-widget elementor-widget-image\" data-id=\"84e25db\" data-element_type=\"widget\" data-e-type=\"widget\" data-widget_type=\"image.default\">\n\t\t\t\t<div class=\"elementor-widget-container\">\n\t\t\t\t\t\t\t\t\t\t\t\t\t\t\t<img loading=\"lazy\" decoding=\"async\" width=\"1480\" height=\"988\" src=\"https:\/\/federicocappellina.com\/wp-content\/uploads\/2024\/01\/Federico-cappellina-architettoArchitetto-veronaArchitetto-vicenzaArchitetto-lagovillalussocasapiscinainterniesternicasafinituredesignhotel-67.jpg\" class=\"attachment-full size-full wp-image-18230\" alt=\"villa lusso Franciacorta Brescia architettura contemporanea colline vigneti\" srcset=\"https:\/\/federicocappellina.com\/wp-content\/uploads\/2024\/01\/Federico-cappellina-architettoArchitetto-veronaArchitetto-vicenzaArchitetto-lagovillalussocasapiscinainterniesternicasafinituredesignhotel-67.jpg 1480w, https:\/\/federicocappellina.com\/wp-content\/uploads\/2024\/01\/Federico-cappellina-architettoArchitetto-veronaArchitetto-vicenzaArchitetto-lagovillalussocasapiscinainterniesternicasafinituredesignhotel-67-300x200.jpg 300w, https:\/\/federicocappellina.com\/wp-content\/uploads\/2024\/01\/Federico-cappellina-architettoArchitetto-veronaArchitetto-vicenzaArchitetto-lagovillalussocasapiscinainterniesternicasafinituredesignhotel-67-1024x684.jpg 1024w, https:\/\/federicocappellina.com\/wp-content\/uploads\/2024\/01\/Federico-cappellina-architettoArchitetto-veronaArchitetto-vicenzaArchitetto-lagovillalussocasapiscinainterniesternicasafinituredesignhotel-67-768x513.jpg 768w, https:\/\/federicocappellina.com\/wp-content\/uploads\/2024\/01\/Federico-cappellina-architettoArchitetto-veronaArchitetto-vicenzaArchitetto-lagovillalussocasapiscinainterniesternicasafinituredesignhotel-67-1320x881.jpg 1320w, https:\/\/federicocappellina.com\/wp-content\/uploads\/2024\/01\/Federico-cappellina-architettoArchitetto-veronaArchitetto-vicenzaArchitetto-lagovillalussocasapiscinainterniesternicasafinituredesignhotel-67-150x100.jpg 150w\" sizes=\"(max-width: 1480px) 100vw, 1480px\" title=\"\">\t\t\t\t\t\t\t\t\t\t\t\t\t\t\t<\/div>\n\t\t\t\t<\/div>\n\t\t\t\t<div class=\"elementor-element elementor-element-1e4dc5c elementor-widget elementor-widget-heading\" data-id=\"1e4dc5c\" data-element_type=\"widget\" data-e-type=\"widget\" data-widget_type=\"heading.default\">\n\t\t\t\t<div class=\"elementor-widget-container\">\n\t\t\t\t\t<h3 class=\"elementor-heading-title elementor-size-default\">Lago di Garda \u2014 sponda bresciana<\/h3>\t\t\t\t<\/div>\n\t\t\t\t<\/div>\n\t\t\t\t<div class=\"elementor-element elementor-element-36a41a3 elementor-widget elementor-widget-text-editor\" data-id=\"36a41a3\" data-element_type=\"widget\" data-e-type=\"widget\" data-widget_type=\"text-editor.default\">\n\t\t\t\t<div class=\"elementor-widget-container\">\n\t\t\t\t\t\t\t\t\t<p align=\"JUSTIFY\">La sponda bresciana del Garda \u2014 da Desenzano a Sal\u00f2, da Gardone Riviera a Gargnano \u2014 \u00e8 la pi\u00f9 esclusiva e costosa del lago. Le ville qui raggiungono i prezzi pi\u00f9 alti d&#8217;Italia per metro quadro lacustre. Le normative sono rigide, i vincoli paesaggistici stringenti, ma il paesaggio \u00e8 di una bellezza eccezionale. La nostra esperienza con il progetto Lugana Bay e la profonda conoscenza delle normative lacustri ci permette di operare su questa sponda con la competenza che i contesti di pregio richiedono.<\/p>\t\t\t\t\t\t\t\t<\/div>\n\t\t\t\t<\/div>\n\t\t\t\t<div class=\"elementor-element elementor-element-5adffee elementor-widget elementor-widget-heading\" data-id=\"5adffee\" data-element_type=\"widget\" data-e-type=\"widget\" data-widget_type=\"heading.default\">\n\t\t\t\t<div class=\"elementor-widget-container\">\n\t\t\t\t\t<h3 class=\"elementor-heading-title elementor-size-default\">Hinterland di Brescia citt\u00e0<\/h3>\t\t\t\t<\/div>\n\t\t\t\t<\/div>\n\t\t\t\t<div class=\"elementor-element elementor-element-e396373 elementor-widget elementor-widget-text-editor\" data-id=\"e396373\" data-element_type=\"widget\" data-e-type=\"widget\" data-widget_type=\"text-editor.default\">\n\t\t\t\t<div class=\"elementor-widget-container\">\n\t\t\t\t\t\t\t\t\t<p align=\"JUSTIFY\">L&#8217;hinterland pianeggiante intorno a Brescia \u2014 Concesio, Roncadelle, Castelmella, Castenedolo \u2014 offre lotti ampi, accessibilit\u00e0 eccellente alla citt\u00e0 e normative favorevoli per costruzioni residenziali di pregio. \u00c8 il contesto ideale per ville con grandi giardini, piscine e ampi spazi esterni, simile all&#8217;hinterland vicentino dove abbiamo realizzato AV Home<\/p>\t\t\t\t\t\t\t\t<\/div>\n\t\t\t\t<\/div>\n\t\t\t\t<div class=\"elementor-element elementor-element-b94579e elementor-widget elementor-widget-heading\" data-id=\"b94579e\" data-element_type=\"widget\" data-e-type=\"widget\" data-widget_type=\"heading.default\">\n\t\t\t\t<div class=\"elementor-widget-container\">\n\t\t\t\t\t<h3 class=\"elementor-heading-title elementor-size-default\">Valtrompia e Valsabbia<\/h3>\t\t\t\t<\/div>\n\t\t\t\t<\/div>\n\t\t\t\t<div class=\"elementor-element elementor-element-4ace5af elementor-widget elementor-widget-text-editor\" data-id=\"4ace5af\" data-element_type=\"widget\" data-e-type=\"widget\" data-widget_type=\"text-editor.default\">\n\t\t\t\t<div class=\"elementor-widget-container\">\n\t\t\t\t\t\t\t\t\t<p align=\"JUSTIFY\">Le valli alpine bresciane \u2014 Valtrompia con Gardone Val Trompia e Lumezzane, Valsabbia verso il lago d&#8217;Idro \u2014 offrono contesti paesaggistici di grande qualit\u00e0 per residenze immerse nella natura. Qui il progetto deve confrontarsi con pendii, boschi, viste montane e normative specifiche dei Comuni di valle. L&#8217;architettura in questi contesti \u00e8 meno formale, pi\u00f9 integrata con il paesaggio naturale \u2014 un tipo di progettazione che amiamo particolarmente.<\/p>\t\t\t\t\t\t\t\t<\/div>\n\t\t\t\t<\/div>\n\t\t\t\t<div class=\"elementor-element elementor-element-478d9a5 elementor-widget elementor-widget-heading\" data-id=\"478d9a5\" data-element_type=\"widget\" data-e-type=\"widget\" data-widget_type=\"heading.default\">\n\t\t\t\t<div class=\"elementor-widget-container\">\n\t\t\t\t\t<h2 class=\"elementor-heading-title elementor-size-default\">Villa moderna a Brescia: caratteristiche e standard costruttivi<\/h2>\t\t\t\t<\/div>\n\t\t\t\t<\/div>\n\t\t\t\t<div class=\"elementor-element elementor-element-19a73e0 elementor-widget elementor-widget-text-editor\" data-id=\"19a73e0\" data-element_type=\"widget\" data-e-type=\"widget\" data-widget_type=\"text-editor.default\">\n\t\t\t\t<div class=\"elementor-widget-container\">\n\t\t\t\t\t\t\t\t\t<p align=\"JUSTIFY\">Una villa moderna a Brescia non \u00e8 semplicemente una casa grande. \u00c8 un&#8217;architettura pensata per uno stile di vita specifico, costruita con materiali selezionati e progettata per mantenere il proprio valore nel tempo \u2014 sia estetico che economico.<\/p><p align=\"JUSTIFY\">Le residenze che progettiamo condividono standard costruttivi elevati:<\/p><ul><li><p>Struttura in cemento armato o acciaio con grandi luci libere e ampie aperture<\/p><\/li><li><p>Isolamento termico e acustico di alta qualit\u00e0 \u2014 per comfort e risparmio energetico<\/p><\/li><li><p>Impiantistica domotica integrata \u2014 illuminazione, clima, sicurezza, irrigazione<\/p><\/li><li><p>Riscaldamento radiante a pavimento \u2014 comfort omogeneo senza elementi visibili<\/p><\/li><li><p>Fotovoltaico e sistemi di accumulo integrati architettonicamente<\/p><\/li><li><p>Piscine tecnologicamente avanzate con sistemi automatizzati<\/p><\/li><li><p>Infissi motorizzati a filo pavimento \u2014 come in MD Home \u2014 che eliminano la barriera interno-esterno<\/p><\/li><\/ul>\t\t\t\t\t\t\t\t<\/div>\n\t\t\t\t<\/div>\n\t\t\t\t<div class=\"elementor-element elementor-element-f256fe3 elementor-widget elementor-widget-heading\" data-id=\"f256fe3\" data-element_type=\"widget\" data-e-type=\"widget\" data-widget_type=\"heading.default\">\n\t\t\t\t<div class=\"elementor-widget-container\">\n\t\t\t\t\t<h2 class=\"elementor-heading-title elementor-size-default\">SPA private e ambienti wellness nelle ville bresciane<\/h2>\t\t\t\t<\/div>\n\t\t\t\t<\/div>\n\t\t\t\t<div class=\"elementor-element elementor-element-10bcaf7 elementor-widget elementor-widget-text-editor\" data-id=\"10bcaf7\" data-element_type=\"widget\" data-e-type=\"widget\" data-widget_type=\"text-editor.default\">\n\t\t\t\t<div class=\"elementor-widget-container\">\n\t\t\t\t\t\t\t\t\t<p align=\"JUSTIFY\">Sempre pi\u00f9 committenti a Brescia e in provincia includono spazi wellness nel programma della propria residenza. Lo studio progetta SPA private, piscine interne e ambienti benessere come parte integrante dell&#8217;architettura \u2014 non come aggiunte opzionali in fase avanzata.<\/p><ul><li><p>Piscine interne riscaldate con controllo dell&#8217;umidit\u00e0, illuminazione naturale e acustica curata<\/p><\/li><li><p>Saune e bagni turchi con materiali naturali in continuit\u00e0 con il linguaggio architettonico<\/p><\/li><li><p>Percorsi sensoriali che fluiscono dalla SPA interna alla piscina esterna e al giardino<\/p><\/li><li><p>Palestre e spazi fitness con ventilazione dedicata e aperture sul verde<\/p><\/li><li><p>Aree relax progettate per massimizzare il benessere e la connessione con il paesaggio bresciano<\/p><\/li><\/ul>\t\t\t\t\t\t\t\t<\/div>\n\t\t\t\t<\/div>\n\t\t\t\t<div class=\"elementor-element elementor-element-98ab8c3 elementor-widget elementor-widget-image\" data-id=\"98ab8c3\" data-element_type=\"widget\" data-e-type=\"widget\" data-widget_type=\"image.default\">\n\t\t\t\t<div class=\"elementor-widget-container\">\n\t\t\t\t\t\t\t\t\t\t\t\t\t\t\t<img loading=\"lazy\" decoding=\"async\" width=\"1427\" height=\"1067\" src=\"https:\/\/federicocappellina.com\/wp-content\/uploads\/2024\/01\/Federico-cappellina-architettoArchitetto-veronaArchitetto-vicenzaArchitetto-lagovillalussocasapiscinainterniesternicasafinituredesignhotel-46.jpg\" class=\"attachment-full size-full wp-image-18211\" alt=\"private spa luxury villa Brescia indoor pool wellness architecture\" srcset=\"https:\/\/federicocappellina.com\/wp-content\/uploads\/2024\/01\/Federico-cappellina-architettoArchitetto-veronaArchitetto-vicenzaArchitetto-lagovillalussocasapiscinainterniesternicasafinituredesignhotel-46.jpg 1427w, https:\/\/federicocappellina.com\/wp-content\/uploads\/2024\/01\/Federico-cappellina-architettoArchitetto-veronaArchitetto-vicenzaArchitetto-lagovillalussocasapiscinainterniesternicasafinituredesignhotel-46-300x224.jpg 300w, https:\/\/federicocappellina.com\/wp-content\/uploads\/2024\/01\/Federico-cappellina-architettoArchitetto-veronaArchitetto-vicenzaArchitetto-lagovillalussocasapiscinainterniesternicasafinituredesignhotel-46-1024x766.jpg 1024w, https:\/\/federicocappellina.com\/wp-content\/uploads\/2024\/01\/Federico-cappellina-architettoArchitetto-veronaArchitetto-vicenzaArchitetto-lagovillalussocasapiscinainterniesternicasafinituredesignhotel-46-768x574.jpg 768w, https:\/\/federicocappellina.com\/wp-content\/uploads\/2024\/01\/Federico-cappellina-architettoArchitetto-veronaArchitetto-vicenzaArchitetto-lagovillalussocasapiscinainterniesternicasafinituredesignhotel-46-1320x987.jpg 1320w, https:\/\/federicocappellina.com\/wp-content\/uploads\/2024\/01\/Federico-cappellina-architettoArchitetto-veronaArchitetto-vicenzaArchitetto-lagovillalussocasapiscinainterniesternicasafinituredesignhotel-46-150x112.jpg 150w\" sizes=\"(max-width: 1427px) 100vw, 1427px\" title=\"\">\t\t\t\t\t\t\t\t\t\t\t\t\t\t\t<\/div>\n\t\t\t\t<\/div>\n\t\t\t\t<div class=\"elementor-element elementor-element-24b1088 elementor-widget elementor-widget-heading\" data-id=\"24b1088\" data-element_type=\"widget\" data-e-type=\"widget\" data-widget_type=\"heading.default\">\n\t\t\t\t<div class=\"elementor-widget-container\">\n\t\t\t\t\t<h2 class=\"elementor-heading-title elementor-size-default\">Ristrutturazione ville di pregio a Brescia e provincia<\/h2>\t\t\t\t<\/div>\n\t\t\t\t<\/div>\n\t\t\t\t<div class=\"elementor-element elementor-element-4cd1415 elementor-widget elementor-widget-text-editor\" data-id=\"4cd1415\" data-element_type=\"widget\" data-e-type=\"widget\" data-widget_type=\"text-editor.default\">\n\t\t\t\t<div class=\"elementor-widget-container\">\n\t\t\t\t\t\t\t\t\t<p align=\"JUSTIFY\">La provincia di Brescia ha un patrimonio importante di ville storiche \u2014 dalle dimore della Franciacorta alle ville liberty del primo Novecento, dalle case coloniche delle valli fino alle residenze degli anni Settanta e Ottanta che meritano una reinterpretazione contemporanea. Come architetto Brescia, affrontiamo le ristrutturazioni di pregio con la stessa cura riservata alle nuove costruzioni.<\/p><ul><li><p>Analisi storica e identificazione degli elementi di valore da preservare<\/p><\/li><li><p>Ridefinizione degli spazi interni secondo gli standard abitativi contemporanei<\/p><\/li><li><p>Aggiornamento completo degli impianti \u2014 domotica, riscaldamento radiante, VMC, fotovoltaico<\/p><\/li><li><p>Apertura di nuove relazioni tra interno ed esterno, giardino e paesaggio<\/p><\/li><li><p>Integrazione di spazi wellness nel volume esistente<\/p><\/li><\/ul><p align=\"JUSTIFY\"><a href=\"https:\/\/federicocappellina.com\/studio-architettura-interior-design-verona\/\">Approfondisci il nostro approccio<\/a><\/p>\t\t\t\t\t\t\t\t<\/div>\n\t\t\t\t<\/div>\n\t\t\t\t<div class=\"elementor-element elementor-element-9809f47 elementor-widget elementor-widget-heading\" data-id=\"9809f47\" data-element_type=\"widget\" data-e-type=\"widget\" data-widget_type=\"heading.default\">\n\t\t\t\t<div class=\"elementor-widget-container\">\n\t\t\t\t\t<h2 class=\"elementor-heading-title elementor-size-default\">Perch\u00e9 scegliere Federico Cappellina come architetto a Brescia<\/h2>\t\t\t\t<\/div>\n\t\t\t\t<\/div>\n\t\t\t\t<div class=\"elementor-element elementor-element-2f289f6 elementor-widget elementor-widget-text-editor\" data-id=\"2f289f6\" data-element_type=\"widget\" data-e-type=\"widget\" data-widget_type=\"text-editor.default\">\n\t\t\t\t<div class=\"elementor-widget-container\">\n\t\t\t\t\t\t\t\t\t<p align=\"JUSTIFY\">Il mercato degli architetti a Brescia offre molte opzioni. Per chi cerca un architetto Brescia con specializzazione verticale nel lusso residenziale, il nostro studio si distingue per cinque caratteristiche concrete.<\/p><p align=\"JUSTIFY\">.<\/p>\t\t\t\t\t\t\t\t<\/div>\n\t\t\t\t<\/div>\n\t\t\t\t<div class=\"elementor-element elementor-element-03a1d51 elementor-widget elementor-widget-image\" data-id=\"03a1d51\" data-element_type=\"widget\" data-e-type=\"widget\" data-widget_type=\"image.default\">\n\t\t\t\t<div class=\"elementor-widget-container\">\n\t\t\t\t\t\t\t\t\t\t\t\t\t\t\t<img loading=\"lazy\" decoding=\"async\" width=\"1920\" height=\"1080\" src=\"https:\/\/federicocappellina.com\/wp-content\/uploads\/2026\/02\/Still-2026-02-23-100552_1.1.36-1.jpg\" class=\"attachment-full size-full wp-image-18991\" alt=\"Federico Cappellina architetto ville lusso Milano Brianza interior design\" srcset=\"https:\/\/federicocappellina.com\/wp-content\/uploads\/2026\/02\/Still-2026-02-23-100552_1.1.36-1.jpg 1920w, https:\/\/federicocappellina.com\/wp-content\/uploads\/2026\/02\/Still-2026-02-23-100552_1.1.36-1-300x169.jpg 300w, https:\/\/federicocappellina.com\/wp-content\/uploads\/2026\/02\/Still-2026-02-23-100552_1.1.36-1-1024x576.jpg 1024w, https:\/\/federicocappellina.com\/wp-content\/uploads\/2026\/02\/Still-2026-02-23-100552_1.1.36-1-768x432.jpg 768w, https:\/\/federicocappellina.com\/wp-content\/uploads\/2026\/02\/Still-2026-02-23-100552_1.1.36-1-1536x864.jpg 1536w\" sizes=\"(max-width: 1920px) 100vw, 1920px\" title=\"\">\t\t\t\t\t\t\t\t\t\t\t\t\t\t\t<\/div>\n\t\t\t\t<\/div>\n\t\t\t\t<div class=\"elementor-element elementor-element-95d17ae elementor-widget elementor-widget-heading\" data-id=\"95d17ae\" data-element_type=\"widget\" data-e-type=\"widget\" data-widget_type=\"heading.default\">\n\t\t\t\t<div class=\"elementor-widget-container\">\n\t\t\t\t\t<h3 class=\"elementor-heading-title elementor-size-default\">1. Portfolio di progetti di lusso verificabili<\/h3>\t\t\t\t<\/div>\n\t\t\t\t<\/div>\n\t\t\t\t<div class=\"elementor-element elementor-element-7c8b662 elementor-widget elementor-widget-text-editor\" data-id=\"7c8b662\" data-element_type=\"widget\" data-e-type=\"widget\" data-widget_type=\"text-editor.default\">\n\t\t\t\t<div class=\"elementor-widget-container\">\n\t\t\t\t\t\t\t\t\t<p align=\"JUSTIFY\">MD Home, Lugana Bay e AV Home sono progetti reali, fotografati, documentati e visitabili. Non sono render promozionali \u2014 sono case costruite e abitate. Il portfolio dimostra concretamente cosa siamo in grado di realizzare, con quale qualit\u00e0 e in quali tempi. <a href=\"https:\/\/federicocappellina.com\/progettazione-ville-di-lusso-progetti-residenziali-nuove-costruzioni-interior-design-wellness-spa-benessere\/\">Portfolio progetti<\/a><\/p>\t\t\t\t\t\t\t\t<\/div>\n\t\t\t\t<\/div>\n\t\t\t\t<div class=\"elementor-element elementor-element-c8e22c4 elementor-widget elementor-widget-heading\" data-id=\"c8e22c4\" data-element_type=\"widget\" data-e-type=\"widget\" data-widget_type=\"heading.default\">\n\t\t\t\t<div class=\"elementor-widget-container\">\n\t\t\t\t\t<h3 class=\"elementor-heading-title elementor-size-default\">2. Specializzazione esclusiva nel lusso residenziale<\/h3>\t\t\t\t<\/div>\n\t\t\t\t<\/div>\n\t\t\t\t<div class=\"elementor-element elementor-element-d091c7d elementor-widget elementor-widget-text-editor\" data-id=\"d091c7d\" data-element_type=\"widget\" data-e-type=\"widget\" data-widget_type=\"text-editor.default\">\n\t\t\t\t<div class=\"elementor-widget-container\">\n\t\t\t\t\t\t\t\t\t<p align=\"JUSTIFY\">Non progettiamo uffici, capannoni o edifici commerciali. Ci concentriamo esclusivamente su residenze di fascia alta. Questa scelta garantisce una profondit\u00e0 di competenza che uno studio generalista non raggiunge. Approfondisci: <a href=\"https:\/\/federicocappellina.com\/architetto-design-esclusivo-a-verona\/\">architetto design esclusivo<\/a><\/p>\t\t\t\t\t\t\t\t<\/div>\n\t\t\t\t<\/div>\n\t\t\t\t<div class=\"elementor-element elementor-element-5e7f619 elementor-widget elementor-widget-heading\" data-id=\"5e7f619\" data-element_type=\"widget\" data-e-type=\"widget\" data-widget_type=\"heading.default\">\n\t\t\t\t<div class=\"elementor-widget-container\">\n\t\t\t\t\t<h3 class=\"elementor-heading-title elementor-size-default\">3. Vicinanza geografica e conoscenza del territorio lombardo orientale<\/h3>\t\t\t\t<\/div>\n\t\t\t\t<\/div>\n\t\t\t\t<div class=\"elementor-element elementor-element-3dea7ca elementor-widget elementor-widget-text-editor\" data-id=\"3dea7ca\" data-element_type=\"widget\" data-e-type=\"widget\" data-widget_type=\"text-editor.default\">\n\t\t\t\t<div class=\"elementor-widget-container\">\n\t\t\t\t\t\t\t\t\t<p align=\"JUSTIFY\">Con sede a San Bonifacio, siamo a meno di 60 km da Brescia e a pochi minuti dalle principali aree della Franciacorta e del Garda bresciano. Conosciamo i Comuni, gli uffici tecnici e i professionisti del territorio. La distanza non \u00e8 mai un ostacolo.<\/p>\t\t\t\t\t\t\t\t<\/div>\n\t\t\t\t<\/div>\n\t\t\t\t<div class=\"elementor-element elementor-element-518a472 elementor-widget elementor-widget-heading\" data-id=\"518a472\" data-element_type=\"widget\" data-e-type=\"widget\" data-widget_type=\"heading.default\">\n\t\t\t\t<div class=\"elementor-widget-container\">\n\t\t\t\t\t<h3 class=\"elementor-heading-title elementor-size-default\">4. L'unico studio lusso che copre Verona, Brescia e Lago di Garda<\/h3>\t\t\t\t<\/div>\n\t\t\t\t<\/div>\n\t\t\t\t<div class=\"elementor-element elementor-element-1a5ec0d elementor-widget elementor-widget-text-editor\" data-id=\"1a5ec0d\" data-element_type=\"widget\" data-e-type=\"widget\" data-widget_type=\"text-editor.default\">\n\t\t\t\t<div class=\"elementor-widget-container\">\n\t\t\t\t\t\t\t\t\t<p align=\"JUSTIFY\">\u00a0Lo Studio Federico Cappellina \u00e8 l&#8217;unico studio di architettura specializzato nel lusso residenziale che opera con continuit\u00e0 su tutti e tre i territori: Verona, provincia di Brescia e Lago di Garda. Nessun competitor locale copre questo triangolo con la stessa profondit\u00e0 di competenza e lo stesso portfolio di progetti verificabili.<\/p>\t\t\t\t\t\t\t\t<\/div>\n\t\t\t\t<\/div>\n\t\t\t\t<div class=\"elementor-element elementor-element-a19f319 elementor-widget elementor-widget-heading\" data-id=\"a19f319\" data-element_type=\"widget\" data-e-type=\"widget\" data-widget_type=\"heading.default\">\n\t\t\t\t<div class=\"elementor-widget-container\">\n\t\t\t\t\t<h3 class=\"elementor-heading-title elementor-size-default\">5. Visione internazionale con radicamento locale<\/h3>\t\t\t\t<\/div>\n\t\t\t\t<\/div>\n\t\t\t\t<div class=\"elementor-element elementor-element-804868e elementor-widget elementor-widget-text-editor\" data-id=\"804868e\" data-element_type=\"widget\" data-e-type=\"widget\" data-widget_type=\"text-editor.default\">\n\t\t\t\t<div class=\"elementor-widget-container\">\n\t\t\t\t\t\t\t\t\t<p align=\"JUSTIFY\">Lo studio ha completato progetti in Medio Oriente, Africa orientale e Caraibi. Questa apertura internazionale si traduce in standard qualitativi elevati applicati al contesto locale bresciano. Approfondisci il nostro lavoro nella regione: <a href=\"https:\/\/federicocappellina.com\/architetto-villa-lago-di-garda\/\">architetto Lago di Garda<\/a><\/p>\t\t\t\t\t\t\t\t<\/div>\n\t\t\t\t<\/div>\n\t\t\t\t<div class=\"elementor-element elementor-element-a98a1f0 elementor-widget elementor-widget-heading\" data-id=\"a98a1f0\" data-element_type=\"widget\" data-e-type=\"widget\" data-widget_type=\"heading.default\">\n\t\t\t\t<div class=\"elementor-widget-container\">\n\t\t\t\t\t<h3 class=\"elementor-heading-title elementor-size-default\">6. Servizio completo dalla consulenza alla consegna<\/h3>\t\t\t\t<\/div>\n\t\t\t\t<\/div>\n\t\t\t\t<div class=\"elementor-element elementor-element-aae84a0 elementor-widget elementor-widget-text-editor\" data-id=\"aae84a0\" data-element_type=\"widget\" data-e-type=\"widget\" data-widget_type=\"text-editor.default\">\n\t\t\t\t<div class=\"elementor-widget-container\">\n\t\t\t\t\t\t\t\t\t<p align=\"JUSTIFY\">Gestiamo ogni aspetto del progetto \u2014 dalla prima analisi del lotto alla consegna delle chiavi, incluse tutte le pratiche autorizzative e la direzione lavori. Il cliente ha un unico interlocutore per tutto il processo.<\/p><p align=\"JUSTIFY\">Per informazioni sull&#8217;Ordine degli Architetti di Brescia: <a href=\"https:\/\/www.ordinearchitettibrescia.it\/\" rel=\"nofollow noopener\" target=\"_blank\">Ordine degli Architetti della Provincia di Brescia<\/a><\/p>\t\t\t\t\t\t\t\t<\/div>\n\t\t\t\t<\/div>\n\t\t\t\t<div class=\"elementor-element elementor-element-7097cdc elementor-widget elementor-widget-image\" data-id=\"7097cdc\" data-element_type=\"widget\" data-e-type=\"widget\" data-widget_type=\"image.default\">\n\t\t\t\t<div class=\"elementor-widget-container\">\n\t\t\t\t\t\t\t\t\t\t\t\t\t\t\t<img loading=\"lazy\" decoding=\"async\" width=\"1920\" height=\"1080\" src=\"https:\/\/federicocappellina.com\/wp-content\/uploads\/2026\/02\/Still-2026-02-23-100638_1.1.39-1.jpg\" class=\"attachment-full size-full wp-image-14723\" alt=\"how much does a luxury villa cost in italy complete pricing guide 2026\" srcset=\"https:\/\/federicocappellina.com\/wp-content\/uploads\/2026\/02\/Still-2026-02-23-100638_1.1.39-1.jpg 1920w, https:\/\/federicocappellina.com\/wp-content\/uploads\/2026\/02\/Still-2026-02-23-100638_1.1.39-1-300x169.jpg 300w, https:\/\/federicocappellina.com\/wp-content\/uploads\/2026\/02\/Still-2026-02-23-100638_1.1.39-1-1024x576.jpg 1024w, https:\/\/federicocappellina.com\/wp-content\/uploads\/2026\/02\/Still-2026-02-23-100638_1.1.39-1-768x432.jpg 768w, https:\/\/federicocappellina.com\/wp-content\/uploads\/2026\/02\/Still-2026-02-23-100638_1.1.39-1-1536x864.jpg 1536w\" sizes=\"(max-width: 1920px) 100vw, 1920px\" title=\"\">\t\t\t\t\t\t\t\t\t\t\t\t\t\t\t<\/div>\n\t\t\t\t<\/div>\n\t\t\t\t<div class=\"elementor-element elementor-element-4267066 elementor-widget elementor-widget-heading\" data-id=\"4267066\" data-element_type=\"widget\" data-e-type=\"widget\" data-widget_type=\"heading.default\">\n\t\t\t\t<div class=\"elementor-widget-container\">\n\t\t\t\t\t<h2 class=\"elementor-heading-title elementor-size-default\">Stai cercando un architetto Brescia per un progetto di villa di lusso? Ogni progetto inizia da una conversazione.<\/h2>\t\t\t\t<\/div>\n\t\t\t\t<\/div>\n\t\t\t\t<div class=\"elementor-element elementor-element-0e4256e elementor-widget elementor-widget-text-editor\" data-id=\"0e4256e\" data-element_type=\"widget\" data-e-type=\"widget\" data-widget_type=\"text-editor.default\">\n\t\t\t\t<div class=\"elementor-widget-container\">\n\t\t\t\t\t\t\t\t\t<p align=\"CENTER\">Contattaci per una consulenza gratuita \u2014 analizziamo insieme il tuo lotto, le normative locali e le possibilita di realizzazione nella provincia di Brescia.<\/p>\t\t\t\t\t\t\t\t<\/div>\n\t\t\t\t<\/div>\n\t\t\t\t<div class=\"elementor-element elementor-element-7cbe652 elementor-widget elementor-widget-button\" data-id=\"7cbe652\" data-element_type=\"widget\" data-e-type=\"widget\" data-widget_type=\"button.default\">\n\t\t\t\t<div class=\"elementor-widget-container\">\n\t\t\t\t\t\t\t\t\t<div class=\"elementor-button-wrapper\">\n\t\t\t\t\t<a class=\"elementor-button elementor-button-link elementor-size-sm\" href=\"https:\/\/api.whatsapp.com\/send\/?phone=393331016060&#038;text&#038;type=phone_number&#038;app_absent=0\" rel=\"nofollow noopener\" target=\"_blank\">\n\t\t\t\t\t\t<span class=\"elementor-button-content-wrapper\">\n\t\t\t\t\t\t\t\t\t<span class=\"elementor-button-text\">Call Us<\/span>\n\t\t\t\t\t<\/span>\n\t\t\t\t\t<\/a>\n\t\t\t\t<\/div>\n\t\t\t\t\t\t\t\t<\/div>\n\t\t\t\t<\/div>\n\t\t\t\t<div class=\"elementor-element elementor-element-752cae7 elementor-widget elementor-widget-heading\" data-id=\"752cae7\" data-element_type=\"widget\" data-e-type=\"widget\" data-widget_type=\"heading.default\">\n\t\t\t\t<div class=\"elementor-widget-container\">\n\t\t\t\t\t<h2 class=\"elementor-heading-title elementor-size-default\">FAQ \u2014 Architetto Brescia: domande frequenti<\/h2>\t\t\t\t<\/div>\n\t\t\t\t<\/div>\n\t\t\t\t<div class=\"elementor-element elementor-element-ed60a51 elementor-widget elementor-widget-heading\" data-id=\"ed60a51\" data-element_type=\"widget\" data-e-type=\"widget\" data-widget_type=\"heading.default\">\n\t\t\t\t<div class=\"elementor-widget-container\">\n\t\t\t\t\t<h3 class=\"elementor-heading-title elementor-size-default\">Avete gia realizzato progetti a Brescia?<\/h3>\t\t\t\t<\/div>\n\t\t\t\t<\/div>\n\t\t\t\t<div class=\"elementor-element elementor-element-7ae6a5f elementor-widget elementor-widget-text-editor\" data-id=\"7ae6a5f\" data-element_type=\"widget\" data-e-type=\"widget\" data-widget_type=\"text-editor.default\">\n\t\t\t\t<div class=\"elementor-widget-container\">\n\t\t\t\t\t\t\t\t\t<p>Non ancora un progetto con indirizzo in provincia di Brescia, ma operiamo attivamente sul territorio e abbiamo realizzato progetti nelle aree limitrofe \u2014 Lago di Garda sponda bresciana, Franciacorta, territorio tra Verona e Brescia. I progetti MD Home (Verona), Lugana Bay (Garda) e AV Home (Vicenza) dimostrano concretamente la qualita del nostro lavoro.<\/p>\t\t\t\t\t\t\t\t<\/div>\n\t\t\t\t<\/div>\n\t\t\t\t<div class=\"elementor-element elementor-element-1eb3bae elementor-widget elementor-widget-heading\" data-id=\"1eb3bae\" data-element_type=\"widget\" data-e-type=\"widget\" data-widget_type=\"heading.default\">\n\t\t\t\t<div class=\"elementor-widget-container\">\n\t\t\t\t\t<h3 class=\"elementor-heading-title elementor-size-default\">Quanto costa un architetto a Brescia per una villa di lusso?<\/h3>\t\t\t\t<\/div>\n\t\t\t\t<\/div>\n\t\t\t\t<div class=\"elementor-element elementor-element-cc075a3 elementor-widget elementor-widget-text-editor\" data-id=\"cc075a3\" data-element_type=\"widget\" data-e-type=\"widget\" data-widget_type=\"text-editor.default\">\n\t\t\t\t<div class=\"elementor-widget-container\">\n\t\t\t\t\t\t\t\t\t<p>I compensi per una villa tra 300 e 600 m\u00b2 si attestano tra il 10% e il 15% del costo di costruzione. Dipende da dimensioni, complessita e servizi richiesti. Contattateci per una valutazione personalizzata.<\/p>\t\t\t\t\t\t\t\t<\/div>\n\t\t\t\t<\/div>\n\t\t\t\t<div class=\"elementor-element elementor-element-03491d0 elementor-widget elementor-widget-heading\" data-id=\"03491d0\" data-element_type=\"widget\" data-e-type=\"widget\" data-widget_type=\"heading.default\">\n\t\t\t\t<div class=\"elementor-widget-container\">\n\t\t\t\t\t<h3 class=\"elementor-heading-title elementor-size-default\">Lavorate in tutta la provincia di Brescia?<\/h3>\t\t\t\t<\/div>\n\t\t\t\t<\/div>\n\t\t\t\t<div class=\"elementor-element elementor-element-7425a0b elementor-widget elementor-widget-text-editor\" data-id=\"7425a0b\" data-element_type=\"widget\" data-e-type=\"widget\" data-widget_type=\"text-editor.default\">\n\t\t\t\t<div class=\"elementor-widget-container\">\n\t\t\t\t\t\t\t\t\t<p>Si. Siamo attivi su tutto il territorio provinciale: Franciacorta, Lago di Garda sponda bresciana, hinterland cittadino, Valtrompia e Valsabbia. Conosciamo le normative specifiche di ogni area e gestiamo le pratiche presso i Comuni bresciani.<\/p>\t\t\t\t\t\t\t\t<\/div>\n\t\t\t\t<\/div>\n\t\t\t\t<div class=\"elementor-element elementor-element-46f11a6 elementor-widget elementor-widget-heading\" data-id=\"46f11a6\" data-element_type=\"widget\" data-e-type=\"widget\" data-widget_type=\"heading.default\">\n\t\t\t\t<div class=\"elementor-widget-container\">\n\t\t\t\t\t<h3 class=\"elementor-heading-title elementor-size-default\">Quanto tempo ci vuole per progettare e costruire una villa a Brescia?<\/h3>\t\t\t\t<\/div>\n\t\t\t\t<\/div>\n\t\t\t\t<div class=\"elementor-element elementor-element-8482af5 elementor-widget elementor-widget-text-editor\" data-id=\"8482af5\" data-element_type=\"widget\" data-e-type=\"widget\" data-widget_type=\"text-editor.default\">\n\t\t\t\t<div class=\"elementor-widget-container\">\n\t\t\t\t\t\t\t\t\t<p>Dalla prima consulenza alla fine della progettazione esecutiva: 6-12 mesi. La costruzione richiede ulteriori 12-24 mesi. La villa MD Home a Verona e stata completata in soli nove mesi dalla progettazione alla consegna.<\/p>\t\t\t\t\t\t\t\t<\/div>\n\t\t\t\t<\/div>\n\t\t\t\t<div class=\"elementor-element elementor-element-661f93b elementor-widget elementor-widget-heading\" data-id=\"661f93b\" data-element_type=\"widget\" data-e-type=\"widget\" data-widget_type=\"heading.default\">\n\t\t\t\t<div class=\"elementor-widget-container\">\n\t\t\t\t\t<h3 class=\"elementor-heading-title elementor-size-default\">Progettate anche SPA private e ambienti wellness?<\/h3>\t\t\t\t<\/div>\n\t\t\t\t<\/div>\n\t\t\t\t<div class=\"elementor-element elementor-element-ac45f27 elementor-widget elementor-widget-text-editor\" data-id=\"ac45f27\" data-element_type=\"widget\" data-e-type=\"widget\" data-widget_type=\"text-editor.default\">\n\t\t\t\t<div class=\"elementor-widget-container\">\n\t\t\t\t\t\t\t\t\t<p>Si. Piscine interne, saune, bagni turchi e percorsi wellness sono integrati nella architettura sin dal concept iniziale, non aggiunti come optional in fase finale.<\/p>\t\t\t\t\t\t\t\t<\/div>\n\t\t\t\t<\/div>\n\t\t\t\t<div class=\"elementor-element elementor-element-aa397cc elementor-widget elementor-widget-heading\" data-id=\"aa397cc\" data-element_type=\"widget\" data-e-type=\"widget\" data-widget_type=\"heading.default\">\n\t\t\t\t<div class=\"elementor-widget-container\">\n\t\t\t\t\t<h3 class=\"elementor-heading-title elementor-size-default\">Offrite anche la direzione lavori a Brescia?<\/h3>\t\t\t\t<\/div>\n\t\t\t\t<\/div>\n\t\t\t\t<div class=\"elementor-element elementor-element-621492c elementor-widget elementor-widget-text-editor\" data-id=\"621492c\" data-element_type=\"widget\" data-e-type=\"widget\" data-widget_type=\"text-editor.default\">\n\t\t\t\t<div class=\"elementor-widget-container\">\n\t\t\t\t\t\t\t\t\t<p>Si. Servizio completo dalla progettazione alla consegna inclusa la direzione lavori, con visite regolari al cantiere e coordinamento delle imprese locali bresciane.<\/p>\t\t\t\t\t\t\t\t<\/div>\n\t\t\t\t<\/div>\n\t\t\t\t\t<\/div>\n\t\t\t\t<\/div>\n\t\t<div class=\"elementor-element elementor-element-11f684c e-flex e-con-boxed e-con e-parent\" data-id=\"11f684c\" data-element_type=\"container\" data-e-type=\"container\" data-settings=\"{&quot;background_background&quot;:&quot;classic&quot;}\">\n\t\t\t\t\t<div class=\"e-con-inner\">\n\t\t\t\t<div class=\"elementor-element elementor-element-1c238ca elementor-widget elementor-widget-heading\" data-id=\"1c238ca\" data-element_type=\"widget\" data-e-type=\"widget\" data-widget_type=\"heading.default\">\n\t\t\t\t<div class=\"elementor-widget-container\">\n\t\t\t\t\t<h2 class=\"elementor-heading-title elementor-size-default\">Progettiamo la tua villa a Brescia.<\/h2>\t\t\t\t<\/div>\n\t\t\t\t<\/div>\n\t\t\t\t<div class=\"elementor-element elementor-element-9cb8ad2 elementor-widget elementor-widget-text-editor\" data-id=\"9cb8ad2\" data-element_type=\"widget\" data-e-type=\"widget\" data-widget_type=\"text-editor.default\">\n\t\t\t\t<div class=\"elementor-widget-container\">\n\t\t\t\t\t\t\t\t\t<p>Il colloquio iniziale \u00e8 gratuito e senza impegno.<br \/>Raccontami il tuo progetto.<\/p>\t\t\t\t\t\t\t\t<\/div>\n\t\t\t\t<\/div>\n\t\t\t\t<div class=\"elementor-element elementor-element-e100320 elementor-widget elementor-widget-button\" data-id=\"e100320\" data-element_type=\"widget\" data-e-type=\"widget\" data-widget_type=\"button.default\">\n\t\t\t\t<div class=\"elementor-widget-container\">\n\t\t\t\t\t\t\t\t\t<div class=\"elementor-button-wrapper\">\n\t\t\t\t\t<a class=\"elementor-button elementor-button-link elementor-size-sm\" href=\"https:\/\/wa.me\/393331016060\" rel=\"nofollow noopener\" target=\"_blank\">\n\t\t\t\t\t\t<span class=\"elementor-button-content-wrapper\">\n\t\t\t\t\t\t\t\t\t<span class=\"elementor-button-text\">Prenota una consulenza gratuita<\/span>\n\t\t\t\t\t<\/span>\n\t\t\t\t\t<\/a>\n\t\t\t\t<\/div>\n\t\t\t\t\t\t\t\t<\/div>\n\t\t\t\t<\/div>\n\t\t\t\t\t<\/div>\n\t\t\t\t<\/div>\n\t\t<div class=\"elementor-element elementor-element-13d012e e-con-full e-flex e-con e-parent\" data-id=\"13d012e\" data-element_type=\"container\" data-e-type=\"container\" data-settings=\"{&quot;background_background&quot;:&quot;classic&quot;}\">\n\t\t<div class=\"elementor-element elementor-element-be0e54c e-con-full e-flex e-con e-child\" data-id=\"be0e54c\" data-element_type=\"container\" data-e-type=\"container\">\n\t\t\t\t<div class=\"elementor-element elementor-element-a3c0436 elementor-widget elementor-widget-heading\" data-id=\"a3c0436\" data-element_type=\"widget\" data-e-type=\"widget\" data-widget_type=\"heading.default\">\n\t\t\t\t<div class=\"elementor-widget-container\">\n\t\t\t\t\t<h2 class=\"elementor-heading-title elementor-size-default\"> 17+<\/h2>\t\t\t\t<\/div>\n\t\t\t\t<\/div>\n\t\t\t\t<div class=\"elementor-element elementor-element-87e9a85 elementor-widget elementor-widget-text-editor\" data-id=\"87e9a85\" data-element_type=\"widget\" data-e-type=\"widget\" data-widget_type=\"text-editor.default\">\n\t\t\t\t<div class=\"elementor-widget-container\">\n\t\t\t\t\t\t\t\t\t<p>anni di esperienza<\/p>\t\t\t\t\t\t\t\t<\/div>\n\t\t\t\t<\/div>\n\t\t\t\t<\/div>\n\t\t<div class=\"elementor-element elementor-element-92d3083 e-con-full e-flex e-con e-child\" data-id=\"92d3083\" data-element_type=\"container\" data-e-type=\"container\">\n\t\t\t\t<div class=\"elementor-element elementor-element-a431dba elementor-widget elementor-widget-heading\" data-id=\"a431dba\" data-element_type=\"widget\" data-e-type=\"widget\" data-widget_type=\"heading.default\">\n\t\t\t\t<div class=\"elementor-widget-container\">\n\t\t\t\t\t<h2 class=\"elementor-heading-title elementor-size-default\"> 23+<\/h2>\t\t\t\t<\/div>\n\t\t\t\t<\/div>\n\t\t\t\t<div class=\"elementor-element elementor-element-71c971a elementor-widget elementor-widget-text-editor\" data-id=\"71c971a\" data-element_type=\"widget\" data-e-type=\"widget\" data-widget_type=\"text-editor.default\">\n\t\t\t\t<div class=\"elementor-widget-container\">\n\t\t\t\t\t\t\t\t\t<p>progetti completati<\/p>\t\t\t\t\t\t\t\t<\/div>\n\t\t\t\t<\/div>\n\t\t\t\t<\/div>\n\t\t<div class=\"elementor-element elementor-element-aad931d e-con-full e-flex e-con e-child\" data-id=\"aad931d\" data-element_type=\"container\" data-e-type=\"container\">\n\t\t\t\t<div class=\"elementor-element elementor-element-2f83f6f elementor-widget elementor-widget-heading\" data-id=\"2f83f6f\" data-element_type=\"widget\" data-e-type=\"widget\" data-widget_type=\"heading.default\">\n\t\t\t\t<div class=\"elementor-widget-container\">\n\t\t\t\t\t<h2 class=\"elementor-heading-title elementor-size-default\">100%<\/h2>\t\t\t\t<\/div>\n\t\t\t\t<\/div>\n\t\t\t\t<div class=\"elementor-element elementor-element-b6b186c elementor-widget elementor-widget-text-editor\" data-id=\"b6b186c\" data-element_type=\"widget\" data-e-type=\"widget\" data-widget_type=\"text-editor.default\">\n\t\t\t\t<div class=\"elementor-widget-container\">\n\t\t\t\t\t\t\t\t\t<p>progetti su misura.<\/p>\t\t\t\t\t\t\t\t<\/div>\n\t\t\t\t<\/div>\n\t\t\t\t<\/div>\n\t\t<div class=\"elementor-element elementor-element-1f861c0 e-con-full e-flex e-con e-child\" data-id=\"1f861c0\" data-element_type=\"container\" data-e-type=\"container\">\n\t\t\t\t<div class=\"elementor-element elementor-element-2fd0686 elementor-widget elementor-widget-heading\" data-id=\"2fd0686\" data-element_type=\"widget\" data-e-type=\"widget\" data-widget_type=\"heading.default\">\n\t\t\t\t<div class=\"elementor-widget-container\">\n\t\t\t\t\t<h2 class=\"elementor-heading-title elementor-size-default\">1<\/h2>\t\t\t\t<\/div>\n\t\t\t\t<\/div>\n\t\t\t\t<div class=\"elementor-element elementor-element-342a917 elementor-widget elementor-widget-text-editor\" data-id=\"342a917\" data-element_type=\"widget\" data-e-type=\"widget\" data-widget_type=\"text-editor.default\">\n\t\t\t\t<div class=\"elementor-widget-container\">\n\t\t\t\t\t\t\t\t\t<p>colloquio iniziale gratuito<\/p>\t\t\t\t\t\t\t\t<\/div>\n\t\t\t\t<\/div>\n\t\t\t\t<\/div>\n\t\t\t\t<\/div>\n\t\t\t\t<\/div>\n\t\t","protected":false},"excerpt":{"rendered":"<p>Architetto Brescia \u2014 Ville di Lusso Contemporanee e Residenze Esclusive su Misura Federico Cappellina \u00e8 l&#8217;architetto Brescia specializzato nella progettazione di ville di lusso contemporanee, residenze esclusive e architettura minimalista di alto livello. Con 17 anni di esperienza e progetti completati tra Verona, Vicenza, il Lago di Garda e il territorio lombardo, lo studio porta [&hellip;]<\/p>\n","protected":false},"author":1,"featured_media":0,"parent":0,"menu_order":0,"comment_status":"closed","ping_status":"closed","template":"","meta":{"_acf_changed":false,"footnotes":""},"folder":[278],"class_list":["post-17270","page","type-page","status-publish","hentry"],"acf":[],"_links":{"self":[{"href":"https:\/\/federicocappellina.com\/it\/wp-json\/wp\/v2\/pages\/17270","targetHints":{"allow":["GET"]}}],"collection":[{"href":"https:\/\/federicocappellina.com\/it\/wp-json\/wp\/v2\/pages"}],"about":[{"href":"https:\/\/federicocappellina.com\/it\/wp-json\/wp\/v2\/types\/page"}],"author":[{"embeddable":true,"href":"https:\/\/federicocappellina.com\/it\/wp-json\/wp\/v2\/users\/1"}],"replies":[{"embeddable":true,"href":"https:\/\/federicocappellina.com\/it\/wp-json\/wp\/v2\/comments?post=17270"}],"version-history":[{"count":0,"href":"https:\/\/federicocappellina.com\/it\/wp-json\/wp\/v2\/pages\/17270\/revisions"}],"wp:attachment":[{"href":"https:\/\/federicocappellina.com\/it\/wp-json\/wp\/v2\/media?parent=17270"}],"wp:term":[{"taxonomy":"folder","embeddable":true,"href":"https:\/\/federicocappellina.com\/it\/wp-json\/wp\/v2\/folder?post=17270"}],"curies":[{"name":"wp","href":"https:\/\/api.w.org\/{rel}","templated":true}]}}